{"id":3005,"date":"2026-04-22T14:52:14","date_gmt":"2026-04-22T10:52:14","guid":{"rendered":"https:\/\/pharmaciereunion.fr\/?page_id=3005"},"modified":"2026-04-23T17:16:34","modified_gmt":"2026-04-23T13:16:34","slug":"sos-medecin","status":"publish","type":"page","link":"https:\/\/pharmaciereunion.fr\/index.php\/sos-medecin\/","title":{"rendered":"Garde. M\u00e9decin de garde"},"content":{"rendered":"\n<div class=\"wp-block-cover alignfull is-light has-custom-content-position is-position-bottom-center scroll-fade-in-top animation-delay-1100 has-border-color\" style=\"border-color:#ffffff;border-width:11px;border-top-left-radius:25px;border-top-right-radius:25px;border-bottom-left-radius:25px;border-bottom-right-radius:25px;margin-top:0;margin-bottom:0;padding-top:109px;padding-bottom:109px;min-height:213px;aspect-ratio:unset;\"><span aria-hidden=\"true\" class=\"wp-block-cover__background has-background-dim-90 has-background-dim\" style=\"background-color:#f5f5f5\"><\/span><div class=\"wp-block-cover__inner-container has-global-padding is-layout-constrained wp-container-core-cover-is-layout-b591e6f4 wp-block-cover-is-layout-constrained\">\n<h1 class=\"wp-block-heading has-text-align-center has-text-color\" style=\"color:#272d28;font-size:clamp(25.5px, 1.594rem + ((1vw - 3.2px) * 1.989), 43px);font-style:normal;font-weight:700;line-height:1\"> M\u00e9decins de Garde<\/h1>\n\n\n\n<p class=\"has-text-align-center has-text-color\" style=\"color:#44a97f;font-size:11px;text-transform:uppercase\"><strong>Trouv&rsquo; out m\u00e9decin de garde terla !<\/strong><\/p>\n<\/div><\/div>\n\n\n\n<div class=\"wp-block-cover alignfull is-light has-custom-content-position is-position-bottom-center has-border-color\" style=\"border-color:#ffffff;border-width:11px;border-top-left-radius:25px;border-top-right-radius:25px;border-bottom-left-radius:25px;border-bottom-right-radius:25px;margin-top:0;margin-bottom:0;padding-top:0px;padding-bottom:0px;min-height:214px;aspect-ratio:unset;\"><span aria-hidden=\"true\" class=\"wp-block-cover__background has-white-background-color has-background-dim-90 has-background-dim\"><\/span><div class=\"wp-block-cover__inner-container has-global-padding is-layout-constrained wp-container-core-cover-is-layout-2a50c968 wp-block-cover-is-layout-constrained\">\n<div class=\"wp-block-group is-layout-flow wp-container-core-group-is-layout-e62bdab5 wp-block-group-is-layout-flow\" style=\"margin-top:0;margin-bottom:0;padding-top:0px;padding-bottom:0px\">\n<div style=\"height:60px\" aria-hidden=\"true\" class=\"wp-block-spacer\"><\/div>\n\n\n\n<div class=\"wp-block-columns scroll-fade-in-top animation-slow animation-delay-1200 is-layout-flex wp-container-core-columns-is-layout-b28d5112 wp-block-columns-is-layout-flex\" style=\"margin-top:var(--wp--preset--spacing--40);margin-bottom:var(--wp--preset--spacing--40);padding-top:0;padding-bottom:0\">\n<div class=\"wp-block-column is-layout-flow wp-block-column-is-layout-flow\">\n<div class=\"wp-block-cover is-light\" style=\"border-radius:35px;margin-top:var(--wp--preset--spacing--20);margin-bottom:var(--wp--preset--spacing--20);padding-top:50px;padding-right:50px;padding-bottom:50px;padding-left:50px\"><span aria-hidden=\"true\" class=\"wp-block-cover__background has-background-dim-100 has-background-dim\" style=\"background-color:#d3fdeb\"><\/span><div class=\"wp-block-cover__inner-container has-global-padding is-layout-constrained wp-container-core-cover-is-layout-40910958 wp-block-cover-is-layout-constrained\">\n<h2 class=\"wp-block-heading has-text-align-center has-text-color has-link-color wp-elements-d28ff1fa4eff5f73f91d8b085dbbe9fb\" style=\"color:#127c8c;font-size:clamp(17.371px, 1.086rem + ((1vw - 3.2px) * 1.094), 27px);\"><strong>ZONE EST<\/strong><\/h2>\n\n\n\n<p class=\"has-text-color has-link-color wp-elements-2a7d764e08733935c7b36d8d534189a5\" style=\"color:#127c8c;font-size:clamp(14px, 0.875rem + ((1vw - 3.2px) * 0.455), 18px);text-decoration:none\"><strong>\u2022 Cabinet M\u00e9dical de Garde de Saint-Beno\u00eet<br><\/strong>\ud83d\udccd Adresse : <a href=\"https:\/\/www.google.com\/maps\/place\/P%C3%B4le+sanitaire+de+l'est,+30+route+nationale+3,+Saint-Beno%C3%AEt+97470,+La+R%C3%A9union\/@-21.0653755,55.727707,17z\/data=!3m1!4b1!4m6!3m5!1s0x2178638da137c3a5:0x8046db4b9f06198e!8m2!3d-21.0653806!4d55.7325779!16s%2Fg%2F11yghvq9nk?entry=ttu&amp;g_ep=EgoyMDI2MDMyMy4xIKXMDSoASAFQAw%3D%3D\" data-type=\"link\" data-id=\"https:\/\/www.google.com\/maps\/place\/P%C3%B4le+sanitaire+de+l'est,+30+route+nationale+3,+Saint-Beno%C3%AEt+97470,+La+R%C3%A9union\/@-21.0653755,55.727707,17z\/data=!3m1!4b1!4m6!3m5!1s0x2178638da137c3a5:0x8046db4b9f06198e!8m2!3d-21.0653806!4d55.7325779!16s%2Fg%2F11yghvq9nk?entry=ttu&amp;g_ep=EgoyMDI2MDMyMy4xIKXMDSoASAFQAw%3D%3D\">30 route nationale 3, 97470 Saint-Beno\u00eet<\/a><br>\ud83d\udcde T\u00e9l\u00e9phone : <a href=\"tel:0262988899\">02 62 98 88 99<\/a><br>\ud83d\udd17 Site :<a href=\" https:\/\/www.gher-reunion.fr\/\"> https:\/\/www.gher-reunion.fr\/<\/a><\/p>\n\n\n\n<p class=\"has-text-color has-link-color wp-elements-d458564556d76aac127b4b63c1b99912\" style=\"color:#127c8c;font-size:clamp(14px, 0.875rem + ((1vw - 3.2px) * 0.455), 18px);text-decoration:none\"><strong>\u2022 SOS M\u00e9decin \u2013 Est<br><\/strong>\ud83d\udccd Adresse : <a href=\"https:\/\/www.google.com\/maps\/place\/SOS+m%C3%A9decin+-+Est\/@-20.9531813,55.6485901,17z\/data=!3m1!4b1!4m6!3m5!1s0x2178877056ad1ad3:0xbff2712ba508ee58!8m2!3d-20.9531864!4d55.653461!16s%2Fg%2F11v3xnltld?entry=ttu&amp;g_ep=EgoyMDI2MDMyMy4xIKXMDSoASAFQAw%3D%3D\" data-type=\"link\" data-id=\"https:\/\/www.google.com\/maps\/place\/SOS+m%C3%A9decin+-+Est\/@-20.9531813,55.6485901,17z\/data=!3m1!4b1!4m6!3m5!1s0x2178877056ad1ad3:0xbff2712ba508ee58!8m2!3d-20.9531864!4d55.653461!16s%2Fg%2F11v3xnltld?entry=ttu&amp;g_ep=EgoyMDI2MDMyMy4xIKXMDSoASAFQAw%3D%3D\">200 rue Dumesgnil d\u2019Engente, 97440 Saint-Andr\u00e9<\/a><br>\ud83d\udcde T\u00e9l\u00e9phone :<a href=\"tel:0262550065\">02 62 55 00 65<\/a><\/p>\n<\/div><\/div>\n<\/div>\n\n\n\n<div class=\"wp-block-column is-layout-flow wp-block-column-is-layout-flow\">\n<div class=\"wp-block-cover is-light has-text-color\" style=\"border-radius:35px;color:#12418d;margin-top:0;margin-bottom:0;padding-top:50px;padding-right:50px;padding-bottom:50px;padding-left:50px\"><span aria-hidden=\"true\" class=\"wp-block-cover__background has-background-dim-100 has-background-dim\" style=\"background-color:#d3fdeb\"><\/span><div class=\"wp-block-cover__inner-container has-global-padding is-layout-constrained wp-container-core-cover-is-layout-d67a86ed wp-block-cover-is-layout-constrained\">\n<h2 class=\"wp-block-heading has-text-align-center has-text-color has-link-color wp-elements-50e609d16b1e6082e33ef0218ba0d178\" style=\"color:#127c8c;font-size:clamp(17.371px, 1.086rem + ((1vw - 3.2px) * 1.094), 27px);\"><strong>ZONE NORD<\/strong><\/h2>\n\n\n\n<p><\/p>\n\n\n\n<p class=\"has-text-color has-link-color wp-elements-97ffaed12fd6066e35b79f9e4e07dca6\" style=\"color:#127c8c;font-size:clamp(14px, 0.875rem + ((1vw - 3.2px) * 0.455), 18px);text-decoration:none\"><strong>\u2022 SOS M\u00e9decin &#8211; Nord<br><\/strong>\ud83d\udccd Adresse : <a data-type=\"link\" data-id=\"https:\/\/www.google.com\/maps\/place\/Sos+Nord+974\/@-20.9000072,55.4768187,17z\/data=!4m15!1m8!3m7!1s0x21827f9a9ba651d7:0x6ca4d27cd40b692!2s30+Rue+De+La+Clinique,+Saint-Denis+97490,+La+R%C3%A9union!3b1!8m2!3d-20.9000122!4d55.4793936!16s%2Fg%2F11n5w3ml_j!3m5!1s0x47e66eb34e18b951:0x9c09278152b8299!8m2!3d-20.9002616!4d55.4794862!16s%2Fg%2F1hf2g8tmn?entry=ttu&amp;g_ep=EgoyMDI2MDMyMy4xIKXMDSoASAFQAw%3D%3D\" href=\"https:\/\/www.google.com\/maps\/place\/Sos+Nord+974\/@-20.9000072,55.4768187,17z\/data=!4m15!1m8!3m7!1s0x21827f9a9ba651d7:0x6ca4d27cd40b692!2s30+Rue+De+La+Clinique,+Saint-Denis+97490,+La+R%C3%A9union!3b1!8m2!3d-20.9000122!4d55.4793936!16s%2Fg%2F11n5w3ml_j!3m5!1s0x47e66eb34e18b951:0x9c09278152b8299!8m2!3d-20.9002616!4d55.4794862!16s%2Fg%2F1hf2g8tmn?entry=ttu&amp;g_ep=EgoyMDI2MDMyMy4xIKXMDSoASAFQAw%3D%3D\">30 rue de la clinique, 97490 Sainte-Clotilde<\/a><br>\ud83d\udcde T\u00e9l\u00e9phone : <a href=\"tel:0262974444\">02 62 97 44 44<\/a><br>\ud83d\udd17 Site : <a href=\"https:\/\/www.sosnord974.fr\/\">https:\/\/www.sosnord974.fr\/<\/a><\/p>\n\n\n\n<p class=\"has-text-color has-link-color wp-elements-a2e5820a2961009fb2140634779cd06c\" style=\"color:#127c8c;font-size:clamp(14px, 0.875rem + ((1vw - 3.2px) * 0.455), 18px);text-decoration:none\"><\/p>\n<\/div><\/div>\n<\/div>\n<\/div>\n\n\n\n<div class=\"wp-block-columns scroll-fade-in-top animation-slow animation-delay-1200 is-layout-flex wp-container-core-columns-is-layout-13e94aa7 wp-block-columns-is-layout-flex\">\n<div class=\"wp-block-column is-layout-flow wp-block-column-is-layout-flow\">\n<div class=\"wp-block-cover is-light has-text-color\" style=\"border-radius:35px;color:#12418d;margin-top:var(--wp--preset--spacing--20);margin-bottom:var(--wp--preset--spacing--20);padding-top:50px;padding-right:50px;padding-bottom:50px;padding-left:50px\"><span aria-hidden=\"true\" class=\"wp-block-cover__background has-background-dim-100 has-background-dim\" style=\"background-color:#d3fdeb\"><\/span><div class=\"wp-block-cover__inner-container has-global-padding is-layout-constrained wp-container-core-cover-is-layout-40910958 wp-block-cover-is-layout-constrained\">\n<h2 class=\"wp-block-heading has-text-align-center has-text-color has-link-color wp-elements-20e36d5b9909d0530440c0ca9ce2f863\" style=\"color:#127c8c;font-size:clamp(17.371px, 1.086rem + ((1vw - 3.2px) * 1.094), 27px);\"><strong>ZONE SUD<\/strong><\/h2>\n\n\n\n<p class=\"has-text-color has-link-color wp-elements-de8b7bd4921e8ff28fef39c592756517\" style=\"color:#127c8c;font-size:clamp(14px, 0.875rem + ((1vw - 3.2px) * 0.455), 18px);text-decoration:none\"><strong>\u2022 SOS M\u00c9DECIN SAINT-LOUIS<br><\/strong>\ud83d\udccd Adresse : <a href=\"https:\/\/www.google.com\/maps\/place\/SOS+m%C3%A9decin+-+SAINT+LOUIS\/@-21.2817392,55.4031215,17z\/data=!3m1!4b1!4m6!3m5!1s0x2182a1871123e055:0xcea21d2aab7cdcd!8m2!3d-21.2817442!4d55.4056964!16s%2Fg%2F11c5bmk78w?entry=ttu&amp;g_ep=EgoyMDI2MDMyMy4xIKXMDSoASAFQAw%3D%3D\" data-type=\"link\" data-id=\"https:\/\/www.google.com\/maps\/place\/SOS+m%C3%A9decin+-+SAINT+LOUIS\/@-21.2817392,55.4031215,17z\/data=!3m1!4b1!4m6!3m5!1s0x2182a1871123e055:0xcea21d2aab7cdcd!8m2!3d-21.2817442!4d55.4056964!16s%2Fg%2F11c5bmk78w?entry=ttu&amp;g_ep=EgoyMDI2MDMyMy4xIKXMDSoASAFQAw%3D%3D\">21 rue du G\u00e9n\u00e9ral de Gaulle, 97450 Saint-Louis<\/a><br>\ud83d\udcde T\u00e9l\u00e9phone : <a href=\"tel:0262912021\">02 62 91 20 21<\/a><\/p>\n\n\n\n<p class=\"has-text-color has-link-color wp-elements-42ce13c2441edfaf3ed7aa2af8708dbf\" style=\"color:#127c8c;font-size:clamp(14px, 0.875rem + ((1vw - 3.2px) * 0.455), 18px);text-decoration:none\"><strong>\u2022 CABINET M\u00c9DICAL SOS SUD<br><\/strong>\ud83d\udccd Adresse : <a href=\"https:\/\/www.google.com\/maps\/place\/Cabinet+m%C3%A9dical+SOS+SUD\/@-21.3341264,55.4681696,17z\/data=!4m15!1m8!3m7!1s0x2182a0b841e8f19d:0xba97ce1da7c60337!2s5+Chem.+Casabona,+Saint-Pierre+97410,+La+R%C3%A9union!3b1!8m2!3d-21.3341314!4d55.4707445!16s%2Fg%2F11c1plftzj!3m5!1s0x2182a0b8411314a5:0x2e1f25b199e86e9f!8m2!3d-21.3341412!4d55.4709336!16s%2Fg%2F11c30_vlnn?entry=ttu&amp;g_ep=EgoyMDI2MDMyMy4xIKXMDSoASAFQAw%3D%3D\" data-type=\"link\" data-id=\"https:\/\/www.google.com\/maps\/place\/Cabinet+m%C3%A9dical+SOS+SUD\/@-21.3341264,55.4681696,17z\/data=!4m15!1m8!3m7!1s0x2182a0b841e8f19d:0xba97ce1da7c60337!2s5+Chem.+Casabona,+Saint-Pierre+97410,+La+R%C3%A9union!3b1!8m2!3d-21.3341314!4d55.4707445!16s%2Fg%2F11c1plftzj!3m5!1s0x2182a0b8411314a5:0x2e1f25b199e86e9f!8m2!3d-21.3341412!4d55.4709336!16s%2Fg%2F11c30_vlnn?entry=ttu&amp;g_ep=EgoyMDI2MDMyMy4xIKXMDSoASAFQAw%3D%3D\">5 chemin Casabona, 97410 Saint-Pierre<\/a><br>\ud83d\udcde T\u00e9l\u00e9phone : <a href=\"tel:0262350202\">02 62 35 02 02<\/a><\/p>\n\n\n\n<p class=\"has-text-color has-link-color wp-elements-6e7f0763ac8bc72e000ac03e6efab0cc\" style=\"color:#127c8c;font-size:clamp(14px, 0.875rem + ((1vw - 3.2px) * 0.455), 18px);text-decoration:none\"><strong>\u2022 SOS GRAND SUD R\u00c9UNION<br><\/strong>\ud83d\udccd Adresse : <a href=\"https:\/\/www.google.com\/maps\/place\/SOS+Grand+Sud+r%C3%A9union\/@-21.3794749,55.6165205,17z\/data=!4m15!1m8!3m7!1s0x21780c2a1e3ff9a9:0x1a1a911f48bc38bd!2s3+Rue+de+l'H%C3%B4pital,+Saint-Joseph+97480,+La+R%C3%A9union!3b1!8m2!3d-21.3794799!4d55.6190954!16s%2Fg%2F11ksbclyv1!3m5!1s0x21780c29f79c20a9:0x8f2e78e9142fb0ef!8m2!3d-21.3794799!4d55.6190954!16s%2Fg%2F11c5_vnj9k?entry=ttu&amp;g_ep=EgoyMDI2MDMyMy4xIKXMDSoASAFQAw%3D%3D\" data-type=\"link\" data-id=\"https:\/\/www.google.com\/maps\/place\/SOS+Grand+Sud+r%C3%A9union\/@-21.3794749,55.6165205,17z\/data=!4m15!1m8!3m7!1s0x21780c2a1e3ff9a9:0x1a1a911f48bc38bd!2s3+Rue+de+l'H%C3%B4pital,+Saint-Joseph+97480,+La+R%C3%A9union!3b1!8m2!3d-21.3794799!4d55.6190954!16s%2Fg%2F11ksbclyv1!3m5!1s0x21780c29f79c20a9:0x8f2e78e9142fb0ef!8m2!3d-21.3794799!4d55.6190954!16s%2Fg%2F11c5_vnj9k?entry=ttu&amp;g_ep=EgoyMDI2MDMyMy4xIKXMDSoASAFQAw%3D%3D\">3 rue de l\u2019h\u00f4pital, 97480 Saint-Joseph<\/a><br>\ud83d\udcde T\u00e9l\u00e9phone : <a href=\"tel:0262319920\">02 62 31 99 20<\/a><br>\ud83d\udd17 Site : <a href=\"https:\/\/sosgrandsud.re\/\">https:\/\/sosgrandsud.re\/<\/a><\/p>\n\n\n\n<p class=\"has-text-color has-link-color wp-elements-583a4a3985127d531dee41972a49b62b\" style=\"color:#127c8c;font-size:clamp(14px, 0.875rem + ((1vw - 3.2px) * 0.455), 18px);text-decoration:none\"><strong>\u2022 SOS CLINISUD TAMPON<br><\/strong>\ud83d\udccd Adresse : <a href=\"https:\/\/www.google.com\/maps\/place\/Clinisud+-+SOS+Clinisud+(TAMPON)\/@-21.2751574,55.5041461,17z\/data=!3m1!4b1!4m6!3m5!1s0x21780b7a3d23e3f5:0xf316f2c6d0429405!8m2!3d-21.2751624!4d55.506721!16s%2Fg%2F11j0rv8h2g?entry=ttu&amp;g_ep=EgoyMDI2MDMyMy4xIKXMDSoASAFQAw%3D%3D\" data-type=\"link\" data-id=\"https:\/\/www.google.com\/maps\/place\/Clinisud+-+SOS+Clinisud+(TAMPON)\/@-21.2751574,55.5041461,17z\/data=!3m1!4b1!4m6!3m5!1s0x21780b7a3d23e3f5:0xf316f2c6d0429405!8m2!3d-21.2751624!4d55.506721!16s%2Fg%2F11j0rv8h2g?entry=ttu&amp;g_ep=EgoyMDI2MDMyMy4xIKXMDSoASAFQAw%3D%3D\">93 D11, 97430 Le Tampon<\/a><br>\ud83d\udcde T\u00e9l\u00e9phone : <a href=\"tel:0262150202\">02 62 15 02 02<\/a><\/p>\n\n\n\n<p class=\"has-text-color\" style=\"color:#12418d;font-size:clamp(14px, 0.875rem + ((1vw - 3.2px) * 0.455), 18px);\"><\/p>\n<\/div><\/div>\n<\/div>\n\n\n\n<div class=\"wp-block-column is-layout-flow wp-block-column-is-layout-flow\">\n<div class=\"wp-block-cover is-light has-text-color\" style=\"border-radius:35px;color:#12418d;margin-top:0;margin-bottom:0;padding-top:50px;padding-right:50px;padding-bottom:50px;padding-left:50px\"><span aria-hidden=\"true\" class=\"wp-block-cover__background has-background-dim-100 has-background-dim\" style=\"background-color:#d3fdeb\"><\/span><div class=\"wp-block-cover__inner-container has-global-padding is-layout-constrained wp-container-core-cover-is-layout-d67a86ed wp-block-cover-is-layout-constrained\">\n<h2 class=\"wp-block-heading has-text-align-center has-text-color has-link-color wp-elements-9770f0dac59f47953fb2a00815b83d5a\" style=\"color:#127c8c;font-size:clamp(17.371px, 1.086rem + ((1vw - 3.2px) * 1.094), 27px);\"><strong>ZONE OUEST<\/strong><\/h2>\n\n\n\n<p class=\"has-text-color has-link-color wp-elements-7063265581fc09ec145b69d6a78293ef\" style=\"color:#127c8c;font-size:clamp(14px, 0.875rem + ((1vw - 3.2px) * 0.455), 18px);text-decoration:none\"><strong>\u2022 SOS OUEST<br><\/strong>\ud83d\udccd Adresse : <a href=\"https:\/\/www.google.com\/maps\/place\/CABINET+SOS+OUEST,+2+Rue+Alsace+Lorraine,+Le+Port+97420,+La+R%C3%A9union\/@-20.9369118,55.2934278,17z\/data=!3m1!4b1!4m6!3m5!1s0x2182888b9275eec1:0x2bd0512ab2ba08f6!8m2!3d-20.9369168!4d55.2960027!16s%2Fg%2F11tj2mx2fp?entry=ttu&amp;g_ep=EgoyMDI2MDMyMy4xIKXMDSoASAFQAw%3D%3D\" data-type=\"link\" data-id=\"https:\/\/www.google.com\/maps\/place\/CABINET+SOS+OUEST,+2+Rue+Alsace+Lorraine,+Le+Port+97420,+La+R%C3%A9union\/@-20.9369118,55.2934278,17z\/data=!3m1!4b1!4m6!3m5!1s0x2182888b9275eec1:0x2bd0512ab2ba08f6!8m2!3d-20.9369168!4d55.2960027!16s%2Fg%2F11tj2mx2fp?entry=ttu&amp;g_ep=EgoyMDI2MDMyMy4xIKXMDSoASAFQAw%3D%3D\">2 rue Alsace Lorraine, 97420 Le Port<\/a><br>\ud83d\udcde T\u00e9l\u00e9phone : <a href=\"tel:0262454502\">02 62 45 45 02<\/a><br>\ud83d\udd17 Site :<a href=\" https:\/\/www.sosouest.com\/\">https:\/\/www.sosouest.com\/<\/a><\/p>\n\n\n\n<p class=\"has-text-color has-link-color wp-elements-0cefab08238101f26804a2d98acde7b0\" style=\"color:#127c8c;font-size:clamp(14px, 0.875rem + ((1vw - 3.2px) * 0.455), 18px);text-decoration:none\"><strong>\u2022 SOS SAINT-PAUL<br><\/strong>\ud83d\udccd Adresse : <a href=\"https:\/\/www.google.com\/maps\/place\/SOS+Saint-Paul\/@-21.0098433,55.2703488,17z\/data=!3m1!4b1!4m6!3m5!1s0x21828fd96bc11d3d:0xf6cee1c820de3854!8m2!3d-21.0098484!4d55.2752197!16s%2Fg%2F11fktfycx_?entry=ttu&amp;g_ep=EgoyMDI2MDMyMy4xIKXMDSoASAFQAw%3D%3D\" data-type=\"link\" data-id=\"https:\/\/www.google.com\/maps\/place\/SOS+Saint-Paul\/@-21.0098433,55.2703488,17z\/data=!3m1!4b1!4m6!3m5!1s0x21828fd96bc11d3d:0xf6cee1c820de3854!8m2!3d-21.0098484!4d55.2752197!16s%2Fg%2F11fktfycx_?entry=ttu&amp;g_ep=EgoyMDI2MDMyMy4xIKXMDSoASAFQAw%3D%3D\">153 chauss\u00e9e royale, 97460 Saint Paul<br><\/a>\ud83d\udcde T\u00e9l\u00e9phone : <a href=\"tel:0262396906\">02 62 39 69 06<\/a><br>\ud83d\udd17 Site : <a href=\"https:\/\/sos-saint-paul.re\/\">https:\/\/sos-saint-paul.re\/<\/a><\/p>\n\n\n\n<p class=\"has-text-color has-link-color wp-elements-8ee3c696b03c6ed09547ab9ffb80b71e\" style=\"color:#127c8c;font-size:clamp(14px, 0.875rem + ((1vw - 3.2px) * 0.455), 18px);text-decoration:none\"><strong>\u2022 SOS EPERON SAINT-GILLES LES HAUTS<br><\/strong>\ud83d\udccd Adresse : <a href=\"https:\/\/www.google.com\/maps\/place\/SOS+EPERON+Saint-Gilles+les+hauts\/@-21.0420329,55.2491382,17z\/data=!4m15!1m8!3m7!1s0x21828e216e96c549:0x1e4b139ce09e8a1c!2s4+Rue+Terrain+L%E2%80%99Avion,+Saint-Paul+97435,+La+R%C3%A9union!3b1!8m2!3d-21.0420379!4d55.2517131!16s%2Fg%2F11jygs1pnw!3m5!1s0x21828f7d3408a5d7:0x3ce60b5edd92518d!8m2!3d-21.0421493!4d55.2517003!16s%2Fg%2F11tmkll4x5?entry=ttu&amp;g_ep=EgoyMDI2MDMyMy4xIKXMDSoASAFQAw%3D%3D\" data-type=\"link\" data-id=\"https:\/\/www.google.com\/maps\/place\/SOS+EPERON+Saint-Gilles+les+hauts\/@-21.0420329,55.2491382,17z\/data=!4m15!1m8!3m7!1s0x21828e216e96c549:0x1e4b139ce09e8a1c!2s4+Rue+Terrain+L%E2%80%99Avion,+Saint-Paul+97435,+La+R%C3%A9union!3b1!8m2!3d-21.0420379!4d55.2517131!16s%2Fg%2F11jygs1pnw!3m5!1s0x21828f7d3408a5d7:0x3ce60b5edd92518d!8m2!3d-21.0421493!4d55.2517003!16s%2Fg%2F11tmkll4x5?entry=ttu&amp;g_ep=EgoyMDI2MDMyMy4xIKXMDSoASAFQAw%3D%3D\">4 rue terrain l\u2019avion, 97435 Saint Paul<\/a><br>\ud83d\udcde T\u00e9l\u00e9phone : <a href=\"tel:0262396906\">02 62 39 69 06<\/a><br>\ud83d\udd17 Site : <a href=\"https:\/\/www.doctolib.fr\/cabinet-medical\/eperon\/sos-eperon\">https:\/\/www.doctolib.fr\/cabinet-medical\/eperon\/sos-eperon<\/a><\/p>\n\n\n\n<p class=\"has-text-color has-link-color wp-elements-2a0bcd5ce86929c2d0bb224ece99cdf7\" style=\"color:#127c8c;font-size:clamp(14px, 0.875rem + ((1vw - 3.2px) * 0.455), 18px);text-decoration:none\"><strong>\u2022 SOS SAINT LEU<br><\/strong>\ud83d\udccd Adresse : <a href=\"https:\/\/www.google.com\/maps\/place\/SOS+SAINT+LEU\/@-21.1699917,55.2845197,17z\/data=!4m15!1m8!3m7!1s0x2182970ddc0ff8cd:0xcf20b8f7d92ca176!2s2b+Bd+Bonnier,+Saint-Leu+97436,+La+R%C3%A9union!3b1!8m2!3d-21.1699967!4d55.2870946!16s%2Fg%2F11rg61d12b!3m5!1s0x2182971a14cfffb5:0x8e46e7cf835b9175!8m2!3d-21.1700092!4d55.2870431!16s%2Fg%2F11h7d8v9tj?entry=ttu&amp;g_ep=EgoyMDI2MDMyMy4xIKXMDSoASAFQAw%3D%3D\" data-type=\"link\" data-id=\"https:\/\/www.google.com\/maps\/place\/SOS+SAINT+LEU\/@-21.1699917,55.2845197,17z\/data=!4m15!1m8!3m7!1s0x2182970ddc0ff8cd:0xcf20b8f7d92ca176!2s2b+Bd+Bonnier,+Saint-Leu+97436,+La+R%C3%A9union!3b1!8m2!3d-21.1699967!4d55.2870946!16s%2Fg%2F11rg61d12b!3m5!1s0x2182971a14cfffb5:0x8e46e7cf835b9175!8m2!3d-21.1700092!4d55.2870431!16s%2Fg%2F11h7d8v9tj?entry=ttu&amp;g_ep=EgoyMDI2MDMyMy4xIKXMDSoASAFQAw%3D%3D\">2b boulevard Bonnier, 97436 Saint Leu<\/a><br>\ud83d\udcde T\u00e9l\u00e9phone : <a href=\"tel:0262223223\">02 62 22 32 23<\/a><\/p>\n<\/div><\/div>\n<\/div>\n<\/div>\n<\/div>\n<\/div><\/div>\n","protected":false},"excerpt":{"rendered":"","protected":false},"author":1,"featured_media":0,"parent":0,"menu_order":0,"comment_status":"closed","ping_status":"closed","template":"","meta":{"footnotes":""},"class_list":["post-3005","page","type-page","status-publish","hentry"],"yoast_head":"<!-- This site is optimized with the Yoast SEO plugin v27.5 - https:\/\/yoast.com\/product\/yoast-seo-wordpress\/ -->\n<title>Medecin de garde \u00e0 La R\u00e9union 974<\/title>\n<meta name=\"description\" content=\"Quel M\u00e9decin de garde sur l&#039;\u00eele de La R\u00e9union (974) le soir, les jours f\u00e9ri\u00e9s et le week-end ? La Pharmacie de L&#039;Est vous informe\" \/>\n<meta name=\"robots\" content=\"index, follow, max-snippet:-1, max-image-preview:large, max-video-preview:-1\" \/>\n<link rel=\"canonical\" href=\"https:\/\/pharmaciereunion.fr\/index.php\/sos-medecin\/\" \/>\n<meta property=\"og:locale\" content=\"fr_FR\" \/>\n<meta property=\"og:type\" content=\"article\" \/>\n<meta property=\"og:title\" content=\"Medecin de garde \u00e0 La R\u00e9union 974\" \/>\n<meta property=\"og:description\" content=\"Quel M\u00e9decin de garde sur l&#039;\u00eele de La R\u00e9union (974) le soir, les jours f\u00e9ri\u00e9s et le week-end ? La Pharmacie de L&#039;Est vous informe\" \/>\n<meta property=\"og:url\" content=\"https:\/\/pharmaciereunion.fr\/index.php\/sos-medecin\/\" \/>\n<meta property=\"og:site_name\" content=\"Pharmacie de L&#039;Est\" \/>\n<meta property=\"article:publisher\" content=\"https:\/\/www.facebook.com\/pharmaciedelest974\" \/>\n<meta property=\"article:modified_time\" content=\"2026-04-23T13:16:34+00:00\" \/>\n<meta name=\"twitter:card\" content=\"summary_large_image\" \/>\n<meta name=\"twitter:label1\" content=\"Dur\u00e9e de lecture estim\u00e9e\" \/>\n\t<meta name=\"twitter:data1\" content=\"2 minutes\" \/>\n<script type=\"application\/ld+json\" class=\"yoast-schema-graph\">{\"@context\":\"https:\\\/\\\/schema.org\",\"@graph\":[{\"@type\":\"WebPage\",\"@id\":\"https:\\\/\\\/pharmaciereunion.fr\\\/index.php\\\/sos-medecin\\\/\",\"url\":\"https:\\\/\\\/pharmaciereunion.fr\\\/index.php\\\/sos-medecin\\\/\",\"name\":\"Medecin de garde \u00e0 La R\u00e9union 974\",\"isPartOf\":{\"@id\":\"https:\\\/\\\/pharmaciereunion.fr\\\/#website\"},\"datePublished\":\"2026-04-22T10:52:14+00:00\",\"dateModified\":\"2026-04-23T13:16:34+00:00\",\"description\":\"Quel M\u00e9decin de garde sur l'\u00eele de La R\u00e9union (974) le soir, les jours f\u00e9ri\u00e9s et le week-end ? La Pharmacie de L'Est vous informe\",\"breadcrumb\":{\"@id\":\"https:\\\/\\\/pharmaciereunion.fr\\\/index.php\\\/sos-medecin\\\/#breadcrumb\"},\"inLanguage\":\"fr-FR\",\"potentialAction\":[{\"@type\":\"ReadAction\",\"target\":[\"https:\\\/\\\/pharmaciereunion.fr\\\/index.php\\\/sos-medecin\\\/\"]}]},{\"@type\":\"BreadcrumbList\",\"@id\":\"https:\\\/\\\/pharmaciereunion.fr\\\/index.php\\\/sos-medecin\\\/#breadcrumb\",\"itemListElement\":[{\"@type\":\"ListItem\",\"position\":1,\"name\":\"Accueil\",\"item\":\"https:\\\/\\\/pharmaciereunion.fr\\\/\"},{\"@type\":\"ListItem\",\"position\":2,\"name\":\"Garde. M\u00e9decin de garde\"}]},{\"@type\":\"WebSite\",\"@id\":\"https:\\\/\\\/pharmaciereunion.fr\\\/#website\",\"url\":\"https:\\\/\\\/pharmaciereunion.fr\\\/\",\"name\":\"Pharmacie de L'Est | Saint-Beno\u00eet La R\u00e9union\",\"description\":\"Pharmacie en ligne de La Reunion\",\"publisher\":{\"@id\":\"https:\\\/\\\/pharmaciereunion.fr\\\/#organization\"},\"potentialAction\":[{\"@type\":\"SearchAction\",\"target\":{\"@type\":\"EntryPoint\",\"urlTemplate\":\"https:\\\/\\\/pharmaciereunion.fr\\\/?s={search_term_string}\"},\"query-input\":{\"@type\":\"PropertyValueSpecification\",\"valueRequired\":true,\"valueName\":\"search_term_string\"}}],\"inLanguage\":\"fr-FR\"},{\"@type\":\"Organization\",\"@id\":\"https:\\\/\\\/pharmaciereunion.fr\\\/#organization\",\"name\":\"Pharmacie de L'Est | Saint-Beno\u00eet La R\u00e9union\",\"url\":\"https:\\\/\\\/pharmaciereunion.fr\\\/\",\"logo\":{\"@type\":\"ImageObject\",\"inLanguage\":\"fr-FR\",\"@id\":\"https:\\\/\\\/pharmaciereunion.fr\\\/#\\\/schema\\\/logo\\\/image\\\/\",\"url\":\"https:\\\/\\\/pharmaciereunion.fr\\\/wp-content\\\/uploads\\\/2026\\\/04\\\/cropped-logo-page-recherche-site.png\",\"contentUrl\":\"https:\\\/\\\/pharmaciereunion.fr\\\/wp-content\\\/uploads\\\/2026\\\/04\\\/cropped-logo-page-recherche-site.png\",\"width\":512,\"height\":512,\"caption\":\"Pharmacie de L'Est | Saint-Beno\u00eet La R\u00e9union\"},\"image\":{\"@id\":\"https:\\\/\\\/pharmaciereunion.fr\\\/#\\\/schema\\\/logo\\\/image\\\/\"},\"sameAs\":[\"https:\\\/\\\/www.facebook.com\\\/pharmaciedelest974\",\"https:\\\/\\\/www.instagram.com\\\/pharmacie.delest\\\/\"]}]}<\/script>\n<!-- \/ Yoast SEO plugin. -->","yoast_head_json":{"title":"Medecin de garde \u00e0 La R\u00e9union 974","description":"Quel M\u00e9decin de garde sur l'\u00eele de La R\u00e9union (974) le soir, les jours f\u00e9ri\u00e9s et le week-end ? La Pharmacie de L'Est vous informe","robots":{"index":"index","follow":"follow","max-snippet":"max-snippet:-1","max-image-preview":"max-image-preview:large","max-video-preview":"max-video-preview:-1"},"canonical":"https:\/\/pharmaciereunion.fr\/index.php\/sos-medecin\/","og_locale":"fr_FR","og_type":"article","og_title":"Medecin de garde \u00e0 La R\u00e9union 974","og_description":"Quel M\u00e9decin de garde sur l'\u00eele de La R\u00e9union (974) le soir, les jours f\u00e9ri\u00e9s et le week-end ? La Pharmacie de L'Est vous informe","og_url":"https:\/\/pharmaciereunion.fr\/index.php\/sos-medecin\/","og_site_name":"Pharmacie de L&#039;Est","article_publisher":"https:\/\/www.facebook.com\/pharmaciedelest974","article_modified_time":"2026-04-23T13:16:34+00:00","twitter_card":"summary_large_image","twitter_misc":{"Dur\u00e9e de lecture estim\u00e9e":"2 minutes"},"schema":{"@context":"https:\/\/schema.org","@graph":[{"@type":"WebPage","@id":"https:\/\/pharmaciereunion.fr\/index.php\/sos-medecin\/","url":"https:\/\/pharmaciereunion.fr\/index.php\/sos-medecin\/","name":"Medecin de garde \u00e0 La R\u00e9union 974","isPartOf":{"@id":"https:\/\/pharmaciereunion.fr\/#website"},"datePublished":"2026-04-22T10:52:14+00:00","dateModified":"2026-04-23T13:16:34+00:00","description":"Quel M\u00e9decin de garde sur l'\u00eele de La R\u00e9union (974) le soir, les jours f\u00e9ri\u00e9s et le week-end ? La Pharmacie de L'Est vous informe","breadcrumb":{"@id":"https:\/\/pharmaciereunion.fr\/index.php\/sos-medecin\/#breadcrumb"},"inLanguage":"fr-FR","potentialAction":[{"@type":"ReadAction","target":["https:\/\/pharmaciereunion.fr\/index.php\/sos-medecin\/"]}]},{"@type":"BreadcrumbList","@id":"https:\/\/pharmaciereunion.fr\/index.php\/sos-medecin\/#breadcrumb","itemListElement":[{"@type":"ListItem","position":1,"name":"Accueil","item":"https:\/\/pharmaciereunion.fr\/"},{"@type":"ListItem","position":2,"name":"Garde. M\u00e9decin de garde"}]},{"@type":"WebSite","@id":"https:\/\/pharmaciereunion.fr\/#website","url":"https:\/\/pharmaciereunion.fr\/","name":"Pharmacie de L'Est | Saint-Beno\u00eet La R\u00e9union","description":"Pharmacie en ligne de La Reunion","publisher":{"@id":"https:\/\/pharmaciereunion.fr\/#organization"},"potentialAction":[{"@type":"SearchAction","target":{"@type":"EntryPoint","urlTemplate":"https:\/\/pharmaciereunion.fr\/?s={search_term_string}"},"query-input":{"@type":"PropertyValueSpecification","valueRequired":true,"valueName":"search_term_string"}}],"inLanguage":"fr-FR"},{"@type":"Organization","@id":"https:\/\/pharmaciereunion.fr\/#organization","name":"Pharmacie de L'Est | Saint-Beno\u00eet La R\u00e9union","url":"https:\/\/pharmaciereunion.fr\/","logo":{"@type":"ImageObject","inLanguage":"fr-FR","@id":"https:\/\/pharmaciereunion.fr\/#\/schema\/logo\/image\/","url":"https:\/\/pharmaciereunion.fr\/wp-content\/uploads\/2026\/04\/cropped-logo-page-recherche-site.png","contentUrl":"https:\/\/pharmaciereunion.fr\/wp-content\/uploads\/2026\/04\/cropped-logo-page-recherche-site.png","width":512,"height":512,"caption":"Pharmacie de L'Est | Saint-Beno\u00eet La R\u00e9union"},"image":{"@id":"https:\/\/pharmaciereunion.fr\/#\/schema\/logo\/image\/"},"sameAs":["https:\/\/www.facebook.com\/pharmaciedelest974","https:\/\/www.instagram.com\/pharmacie.delest\/"]}]}},"_links":{"self":[{"href":"https:\/\/pharmaciereunion.fr\/index.php\/wp-json\/wp\/v2\/pages\/3005","targetHints":{"allow":["GET"]}}],"collection":[{"href":"https:\/\/pharmaciereunion.fr\/index.php\/wp-json\/wp\/v2\/pages"}],"about":[{"href":"https:\/\/pharmaciereunion.fr\/index.php\/wp-json\/wp\/v2\/types\/page"}],"author":[{"embeddable":true,"href":"https:\/\/pharmaciereunion.fr\/index.php\/wp-json\/wp\/v2\/users\/1"}],"replies":[{"embeddable":true,"href":"https:\/\/pharmaciereunion.fr\/index.php\/wp-json\/wp\/v2\/comments?post=3005"}],"version-history":[{"count":8,"href":"https:\/\/pharmaciereunion.fr\/index.php\/wp-json\/wp\/v2\/pages\/3005\/revisions"}],"predecessor-version":[{"id":3240,"href":"https:\/\/pharmaciereunion.fr\/index.php\/wp-json\/wp\/v2\/pages\/3005\/revisions\/3240"}],"wp:attachment":[{"href":"https:\/\/pharmaciereunion.fr\/index.php\/wp-json\/wp\/v2\/media?parent=3005"}],"curies":[{"name":"wp","href":"https:\/\/api.w.org\/{rel}","templated":true}]}}